{"id":6,"date":"2011-02-23T19:19:51","date_gmt":"2011-02-23T19:19:51","guid":{"rendered":"http:\/\/ewaldwalser.artmagazine.ru\/?page_id=6"},"modified":"2023-01-20T19:49:28","modified_gmt":"2023-01-20T19:49:28","slug":"biographie","status":"publish","type":"page","link":"https:\/\/ewaldwalser.com\/?page_id=6","title":{"rendered":"Biographie"},"content":{"rendered":"<p><strong>1947<\/strong> geboren in Wels, Ober\u00f6sterreich<\/p>\n<p><strong>1964\/69<\/strong> Kunstschule der Stadt Linz<br \/>\nMeisterklasse f\u00fcr Freie Grafik, Alfons Ortner<\/p>\n<p><strong>1965\/1968<\/strong> Mitarbeiter der Neuen Galerie der Stadt Linz unter Dir. Walter Kasten<\/p>\n<p><strong>1974<\/strong> Mitglied der K\u00fcnstlervereinigung MAERZ<br \/>\n<strong>1976<\/strong> Leitung der Galerie des MAERZ<br \/>\n<strong>1979<\/strong> Beginn der kontinuierlichen Lehrt\u00e4tigkeit an der Hochschule f\u00fcr<br \/>\nk\u00fcnstlerische und industrielle Gestaltung bzw. Kunstuniversit\u00e4t Linz<br \/>\n<strong>1982<\/strong> Wahl zum Pr\u00e4sidenten des MAERZ &#8211;<br \/>\nLeitung der K\u00fcnstlervereinigung bis 2003<br \/>\n<strong>2002<\/strong> Verleihung des Berufstitels \u201eUniversit\u00e4tsprofessor\u201c<\/p>\n<p style=\"text-align: left;\"><strong>2017\u00a0<\/strong>Kulturmedaille des Landes Ober\u00f6sterreich<\/p>\n<p>&nbsp;<\/p>\n<p><span style=\"text-decoration: underline;\">Kunstprojekte (Konzeption u.Organisation):<\/span><\/p>\n<p><strong>1987<\/strong> <em>MAERZ<\/em> in der <em>SECESSION<\/em>,<br \/>\nSecession,Wien<\/p>\n<p><strong>1990\/91<\/strong><\/p>\n<p><em>MOSKAU VILNIUS KAUNAS \u2013 13 POSITIONEN ZUR ZEIT<\/em><br \/>\nLinz, Stadtmuseum \u00abNordico\u00bb und Galerie MAERZ<\/p>\n<p><strong>1991 bis 1995<\/strong> <em>BORDERCROSSINGS &#8211; <\/em>Austauschprojekte<br \/>\nin Kooperation mit dem Land Ober\u00f6sterreich mit K\u00fcnstlern, Literaten und Musikern<br \/>\naus\u00a0Ru\u00dfland und Litauen\u00a0in Moskau, Vilnius und Kaunas<\/p>\n<p><strong>1994<\/strong>\u00a0<em>BORDERCROSSINGS &#8211; <\/em>Projekt<em><br \/>\n<\/em>Acht K\u00fcnstler aus der Ukraine<br \/>\nHipp-Halle Gmunden, O\u00d6<\/p>\n<p><strong>1995<\/strong> <em>BORDERCROSSINGS &#8211; <\/em>22 Austrian Artists<br \/>\nPerth Institute of Contemporary Arts<br \/>\nPerth, Western Australia<\/p>\n<p><strong>1995<\/strong> <em>GO EAST GO WEST<\/em> Austauschprojekt der<br \/>\nAkademie in Jekaterinburg und der Kunsthochschule Linz<br \/>\nin Jekaterinburg, Nishnij Nowgorod, Moskau und Linz<\/p>\n<p><strong>1996\/97<\/strong> Lehrauftr\u00e4ge f\u00fcr Malerei an der Bauhaus-Universit\u00e4t Weimar<\/p>\n<p><em>A C T 99<\/em> \u2014 <em>Art Communication Tour<\/em><br \/>\nBildende Kunst, Literatur u. Musik aus Moskau und \u00d6sterreich<br \/>\nin Linz Wels und Steyr sowie\u00a0in 7 Galerien Moskaus<\/p>\n<p><strong>2001<\/strong> <em>BETREFF: MALEREI<\/em><br \/>\nGalerie MAERZ und Kunsthalle Steyr tmp.(Coorganisation)<\/p>\n<p><strong>2013<\/strong> <em>WEGMARKEN<\/em> \u2013 \u00a0<em>MAERZ<\/em>\u00a01952-2002<br \/>\nLinz, Galerie MAERZ<\/p>\n<p>&nbsp;<\/p>\n<p>Zahlreiche Einzelausstellungen und Beteiligungen im In- und Ausland<\/p>\n<p>Arbeiten im Besitz u.a. von: LENTOS, O\u00d6 Landesmuseum, Stadt Linz<\/p>\n<p>Stadtmuseum NORDICO Linz, Bundessammlungen, Slg. Bayer-Leverkusen<br \/>\nSammlung Czerny, sowie in Privatbesitz im In-und Ausland<\/p>\n","protected":false},"excerpt":{"rendered":"<p>1947 geboren in Wels, Ober\u00f6sterreich 1964\/69 Kunstschule der Stadt Linz Meisterklasse f\u00fcr Freie Grafik, Alfons Ortner 1965\/1968 Mitarbeiter der Neuen Galerie der Stadt Linz unter Dir. Walter Kasten 1974 Mitglied der K\u00fcnstlervereinigung MAERZ 1976 Leitung der Galerie des MAERZ 1979 Beginn der kontinuierlichen Lehrt\u00e4tigkeit an der Hochschule f\u00fcr k\u00fcnstlerische und industrielle Gestaltung bzw. Kunstuniversit\u00e4t Linz [&hellip;]<\/p>\n","protected":false},"author":1,"featured_media":0,"parent":0,"menu_order":0,"comment_status":"closed","ping_status":"open","template":"","meta":{"ngg_post_thumbnail":0},"_links":{"self":[{"href":"https:\/\/ewaldwalser.com\/index.php?rest_route=\/wp\/v2\/pages\/6"}],"collection":[{"href":"https:\/\/ewaldwalser.com\/index.php?rest_route=\/wp\/v2\/pages"}],"about":[{"href":"https:\/\/ewaldwalser.com\/index.php?rest_route=\/wp\/v2\/types\/page"}],"author":[{"embeddable":true,"href":"https:\/\/ewaldwalser.com\/index.php?rest_route=\/wp\/v2\/users\/1"}],"replies":[{"embeddable":true,"href":"https:\/\/ewaldwalser.com\/index.php?rest_route=%2Fwp%2Fv2%2Fcomments&post=6"}],"version-history":[{"count":15,"href":"https:\/\/ewaldwalser.com\/index.php?rest_route=\/wp\/v2\/pages\/6\/revisions"}],"predecessor-version":[{"id":395,"href":"https:\/\/ewaldwalser.com\/index.php?rest_route=\/wp\/v2\/pages\/6\/revisions\/395"}],"wp:attachment":[{"href":"https:\/\/ewaldwalser.com\/index.php?rest_route=%2Fwp%2Fv2%2Fmedia&parent=6"}],"curies":[{"name":"wp","href":"https:\/\/api.w.org\/{rel}","templated":true}]}}